{"id":31800,"date":"2026-02-25T11:07:56","date_gmt":"2026-02-25T10:07:56","guid":{"rendered":"https:\/\/ultralimited.it\/?page_id=31800"},"modified":"2026-04-14T12:30:31","modified_gmt":"2026-04-14T10:30:31","slug":"farbtyp-und-brille","status":"publish","type":"page","link":"https:\/\/ultralimited.it\/de\/farbtyp-und-brille\/","title":{"rendered":"Farbtyp und Brille"},"content":{"rendered":"\n<section class=\"header_76 mt-0\">\n    <div class=\"container h-100\">\n        <div class=\"row h-100\">\n            <div class=\"col-12 col-lg-6 d-flex align-items-center mb-5 mb-lg-0\">\n                <div>\n                    <h1 class=\"title-3 mb-0\">Farbtyp und Brille: Entdecken Sie Ihre Jahreszeit und Ihren Farbtyp<\/h1>                    <h3><strong>Mit der richtigen Fassung in Kombination zu Ihrem Hautton bringen Sie Teint, Augen und Haare zum Strahlen<\/strong><\/h3>\n                    <a target=\"_self\" rel=\"noopener\" title=\"Entdecken Sie die Kollektion\" href=\"https:\/\/ultralimited.it\/de\/katalog\/\" class=\"btn \"><span>Entdecken Sie die Kollektion<\/span><\/a>                <\/div>\n            <\/div>\n            <div class=\"col-12 col-lg-6 mb-3 mb-lg-0 h-100 position-relative\">\n                <div class=\"row\">\n                    <div class=\"col-12 col-lg-6\">\n                        <div class=\"gallery-left\">\n                                                            <img decoding=\"async\" class=\"img-1 mb-3\" src=\"https:\/\/ultralimited.it\/wp-content\/uploads\/2026\/01\/AMATRICE-L-C1.jpg\" alt=\"\">\n                                                            <img decoding=\"async\" class=\"img-1 mb-3\" src=\"https:\/\/ultralimited.it\/wp-content\/uploads\/2026\/01\/Visual-1.png\" alt=\"\">\n                                                            <img decoding=\"async\" class=\"img-1 mb-3\" src=\"https:\/\/ultralimited.it\/wp-content\/uploads\/2026\/02\/Frame-22-6-scaled.png\" alt=\"\">\n                                                    <\/div>\n                    <\/div>\n                    <div class=\"col-12 col-lg-6\">\n                        <div class=\"gallery-right\">\n                                                            <img decoding=\"async\" class=\"img-1 mb-3\" src=\"https:\/\/ultralimited.it\/wp-content\/uploads\/2026\/01\/Ultra_limited_New_Collection_2026.jpg\" alt=\"\">\n                                                            <img decoding=\"async\" class=\"img-1 mb-3\" src=\"https:\/\/ultralimited.it\/wp-content\/uploads\/2026\/02\/Frame-21-12-scaled.png\" alt=\"\">\n                                                            <img decoding=\"async\" class=\"img-1 mb-3\" src=\"https:\/\/ultralimited.it\/wp-content\/uploads\/2026\/01\/OSTUNI-L-C3.jpg\" alt=\"\">\n                                                    <\/div>\n                    <\/div>\n                <\/div>\n            <\/div>\n        <\/div>\n    <\/div>\n<\/section>\n\n\n<section class=\"layout_65\">\n    <div class=\"container\">\n        <div class=\"row\">\n            <div class=\"col-12 col-lg-6 mb-3 mb-lg-0\">\n                <h1 class=\"text-075 font-b mb-3 mb-0\">Wie die Farbharmonie die Auswahl einer Brille zu einem Akt der Selbstf\u00fcrsorge macht<\/h1>                <h1 class=\"title-3 mb-0\">Die Farbe, die zu dir passt<\/h1>            <\/div>\n            <div class=\"col-12 col-lg-6\">\n                <div class=\"gen--p title-p\">\n                    <p><span style=\"font-weight: 400;\">Wenn man von Stil spricht, denkt man fast immer an die Form. Aber der eigentlich wichtige Aspekt ist die Farbe.<\/span><\/p>\n<p><span style=\"font-weight: 400;\">Und damit arbeitet die <strong>Farbtypenlehre<\/strong>: Es ist die F\u00e4higkeit, Farbt\u00f6ne zu w\u00e4hlen, die Ihren Teint, <strong>Ihre Augen und Ihre Haare auf nat\u00fcrliche Weise zur Geltung bringen.<\/strong> Das ist keine fl\u00fcchtige Mode, sondern eine intelligente Art, sich anzuschauen und Entscheidungen zu treffen. Und sie gilt auch \u2013 und vor allem \u2013 f\u00fcr Brillen. <\/span><span style=\"font-weight: 400;\">Denn die Brille ist dem Gesicht am n\u00e4chsten, sie umrahmt den Blick, sie kann ihn unmittelbar aufhellen oder verd\u00fcstern. Wir von Ultra Limited sind \u00fcberzeugt, dass jede Fassung mit ihrer Tr\u00e4gerin bzw. ihrem Tr\u00e4ger kommunizieren muss.\u00a0<\/span><\/p>\n<p><span style=\"font-weight: 400;\">Die neue Kollektion ist auch mit dieser Absicht entstanden: eine Palette von M\u00f6glichkeiten zu bieten, die jeweils eine Jahreszeit zur Geltung bringen.<\/span><\/p>\n                <\/div>\n                            <\/div>\n        <\/div>\n    <\/div>\n<\/section>\n\n\n<section class=\"layout_65\">\n    <div class=\"container\">\n        <div class=\"row\">\n            <div class=\"col-12 col-lg-6 mb-3 mb-lg-0\">\n                <h4 class=\"text-075 font-b mb-3 mb-0\">Unterton, Intensit\u00e4t und Kontrast: Diese drei Elemente<\/h4>                <h3 class=\"title-3 mb-0\">Was ist die Farbtypenlehre und wie beeinflusst sie die Brillenwahl<\/h3>            <\/div>\n            <div class=\"col-12 col-lg-6\">\n                <div class=\"gen--p title-p\">\n                    <p><span style=\"font-weight: 400;\">Die Farbtypenlehre ordnet die Menschen den vier Jahreszeiten \u2013 Fr\u00fchling, Sommer, Herbst und Winter \u2013 zu. Die Basis daf\u00fcr bilden drei Elemente: der <\/span><b>Unterton<\/b><span style=\"font-weight: 400;\"> der Haut (warm- oder kalttonig), die <\/span><b>Intensit\u00e4t der pers\u00f6nlichen Farben<\/b><span style=\"font-weight: 400;\"> (klar oder soft) und der <\/span><b>nat\u00fcrliche Kontrast<\/b><span style=\"font-weight: 400;\"> zwischen Haut-, Augen- und Haarfarbe.<\/span><\/p>\n<p><span style=\"font-weight: 400;\">Man braucht dazu kein Experte zu sein. Man muss nur eins verstehen: Wenn die Farbe mit Ihrer Person harmoniert, ist das sofort zu sehen. Das Gesicht sieht frischer aus, der Blick klarer, das Gesamtbild stimmiger. <\/span><b>Und die Brille kann all dies in einem Augenblick herstellen.<\/b><\/p>\n                <\/div>\n                            <\/div>\n        <\/div>\n    <\/div>\n<\/section>\n\n\n<section class=\"gallery_8 mt-0\" style=\"min-height: 100vh;\">\n    <div class=\"container h-100\">\n        <div class=\"row h-100\">\n            <div class=\"col-12 col-lg-6 d-flex flex-column h-100\">\n                <div class=\"flex-grow-1 mb-3\" style=\"flex-basis: 60%; aspect-ratio: 1 \/ 1; overflow: hidden;\">\n                    <img decoding=\"async\" src=\"https:\/\/ultralimited.it\/wp-content\/uploads\/2026\/02\/SIM0028-2.jpg\" alt=\"\"\n                        class=\"w-100 h-100\" style=\"object-fit: cover;\">\n                <\/div>\n                <div class=\"flex-grow-1 mb-3\" style=\"flex-basis: 40%; aspect-ratio: 16 \/ 9; overflow: hidden;\">\n                    <img decoding=\"async\" src=\"https:\/\/ultralimited.it\/wp-content\/uploads\/2026\/02\/Frame-24-7-scaled.png\" alt=\"\"\n                        class=\"w-100 h-100\" style=\"object-fit: cover;\">\n                <\/div>\n            <\/div>\n\n            <div class=\"col-12 col-lg-6 d-flex flex-column h-100\">\n                <div class=\"flex-grow-1 mb-3\" style=\"flex-basis: 40%; aspect-ratio: 16 \/ 9; overflow: hidden;\">\n                    <img decoding=\"async\" src=\"https:\/\/ultralimited.it\/wp-content\/uploads\/2026\/02\/Frame-23-4-scaled.png\" alt=\"\"\n                        class=\"w-100 h-100\" style=\"object-fit: cover;\">\n                <\/div>\n                <div class=\"flex-grow-1 mb-3\" style=\"flex-basis: 60%; aspect-ratio: 1 \/ 1; overflow: hidden;\">\n                    <img decoding=\"async\" src=\"https:\/\/ultralimited.it\/wp-content\/uploads\/2026\/02\/SIM0261.jpg\" alt=\"\"\n                        class=\"w-100 h-100\" style=\"object-fit: cover;\">\n                <\/div>\n            <\/div>\n\n        <\/div>\n    <\/div>\n<\/section>\n\n\n<section class=\"layout_65\">\n    <div class=\"container\">\n        <div class=\"row\">\n            <div class=\"col-12 col-lg-6 mb-3 mb-lg-0\">\n                <h4 class=\"text-075 font-b mb-3 mb-0\">Fr\u00fchling<\/h4>                <h3 class=\"title-3 mb-0\">Brillen mit warmen, hellen T\u00f6nen<\/h3>            <\/div>\n            <div class=\"col-12 col-lg-6\">\n                <div class=\"gen--p title-p\">\n                    <p><strong>Gold- oder Pfirsichunterton? Die gestreifte Fassung ist die ideale Wahl f\u00fcr dich.<\/strong><\/p>\n<p>Der Fr\u00fchlingstyp hat einen warmen Unterton, eine nat\u00fcrliche Ausstrahlung und helle bis mittlere Hautt\u00f6ne. Er passt gut zu sonnigen, lebendigen Farbt\u00f6nen, die niemals matt wirken.<\/p>\n<p>F\u00fcr diese Saison ist unsere ideale Kombination<strong> Licata gestreift<\/strong>: eine Mischung aus leuchtenden Farben, reichhaltig, ohne schwer zu wirken, die perfekt mit goldenem oder pfirsichfarbenem Teint harmoniert. Die Cat-Eye-Fassung, die Charakter verleiht, ohne die Frische zu beeintr\u00e4chtigen.<\/p>\n                <\/div>\n                            <\/div>\n        <\/div>\n    <\/div>\n<\/section>\n\n<div class=\"wp-block-image\">\n<figure class=\"aligncenter size-large is-resized\"><img loading=\"lazy\" decoding=\"async\" width=\"1024\" height=\"258\" src=\"https:\/\/ultralimited.it\/wp-content\/uploads\/2026\/04\/primavera-1024x258.png\" alt=\"\" class=\"wp-image-32012\" style=\"width:756px;height:auto\"\/><\/figure><\/div>\n\n\n<section class=\"layout_65\">\n    <div class=\"container\">\n        <div class=\"row\">\n            <div class=\"col-12 col-lg-6 mb-3 mb-lg-0\">\n                <h4 class=\"text-075 font-b mb-3 mb-0\">Sommer<\/h4>                <h3 class=\"title-3 mb-0\">Brillen mit k\u00fchlen, zarten T\u00f6nen<\/h3>            <\/div>\n            <div class=\"col-12 col-lg-6\">\n                <div class=\"gen--p title-p\">\n                    <p><strong>Sanfte, wenig kontrastreiche Farben: Denn Wei\u00df ist die perfekte Wahl f\u00fcr die Sommersaison<\/strong><\/p>\n<p><span style=\"font-weight: 400;\">Der Sommertyp hat einen kalttonigen Unterton, die pers\u00f6nlichen Farben sind soft und kontrastarm. Eleganz ist seine nat\u00fcrliche Chiffre, nie \u00fcbertrieben.<\/span><\/p>\n<p><span style=\"font-weight: 400;\">F\u00fcr diese Jahreszeit f\u00e4llt die Wahl auf <\/span><b>Amatrice in Wei\u00df<\/b><span style=\"font-weight: 400;\">: eine sechseckige Fassung mit aktuellem Flair, der man ihre Leichtigkeit ansieht. Sie begleitet, dr\u00e4ngt sich aber nie in den Vordergrund. Das k\u00fchle, neutrale Wei\u00df wahrt die Zartheit des Sommers, ohne aggressive Kontraste zu bilden.<\/span><\/p>\n<p><span style=\"font-weight: 400;\">Das funktioniert, denn: Wei\u00df ist eine perfekte kalte, neutrale Farbe f\u00fcr den Sommer, die aufwertet, aber nicht aufdringlich ist.<\/span><\/p>\n                <\/div>\n                            <\/div>\n        <\/div>\n    <\/div>\n<\/section>\n\n<div class=\"wp-block-image\">\n<figure class=\"aligncenter size-large is-resized\"><img loading=\"lazy\" decoding=\"async\" width=\"1024\" height=\"258\" src=\"https:\/\/ultralimited.it\/wp-content\/uploads\/2026\/02\/Frame-23-2-1024x258.png\" alt=\"\" class=\"wp-image-31657\" style=\"width:756px;height:auto\"\/><\/figure><\/div>\n\n\n<section class=\"layout_65\">\n    <div class=\"container\">\n        <div class=\"row\">\n            <div class=\"col-12 col-lg-6 mb-3 mb-lg-0\">\n                <h4 class=\"text-075 font-b mb-3 mb-0\">Herbst<\/h4>                <h3 class=\"title-3 mb-0\">Brillen in tiefen, erdigen Farbt\u00f6nen<\/h3>            <\/div>\n            <div class=\"col-12 col-lg-6\">\n                <div class=\"gen--p title-p\">\n                    <p><strong> Bordeauxrot und reichhaltige T\u00f6ne: Kombinationen f\u00fcr Bernstein-Teint und kastanienbraune oder rote Haare<\/strong><\/p>\n<p><span style=\"font-weight: 400;\">Der Herbsttyp liebt volle, erdige, tiefe Farben. Der warmtonige, intensive Unterton passt gut zu reichhaltigen Farbnuancen, die in der Erde und der Natur wurzeln.<\/span><\/p>\n<p><span style=\"font-weight: 400;\">Hier tritt <strong>Courmayeur in Bordeauxrot<\/strong>:<\/span><span style=\"font-weight: 400;\">\u00a0auf die B\u00fchne: eine Cateye-Brille mit starkem Charakter. Die Farbe geh\u00f6rt zu den tiefsten, intensivsten der neuen Kollektion. Bordeaux ist warm, dunkel, erlesen und steht in nat\u00fcrlichem Dialog mit Bernstein-Teints, kastanienbrauen oder roten Haaren sowie honigfarbenen oder moosgr\u00fcnen Augen.<\/span><\/p>\n<p><span style=\"font-weight: 400;\">Das funktioniert, denn: Bordeaux ist eine typische Herbstnuance. Sie ist im richtigen Ma\u00dfe intensiv, um die Tiefe zur Geltung zu bringen, ohne sie aufzuheben.<\/span><\/p>\n                <\/div>\n                            <\/div>\n        <\/div>\n    <\/div>\n<\/section>\n\n<div class=\"wp-block-image\">\n<figure class=\"aligncenter size-large is-resized\"><img loading=\"lazy\" decoding=\"async\" width=\"1024\" height=\"258\" src=\"https:\/\/ultralimited.it\/wp-content\/uploads\/2026\/04\/autunno-1024x258.png\" alt=\"\" class=\"wp-image-32017\" style=\"width:756px;height:auto\"\/><\/figure><\/div>\n\n\n<section class=\"layout_65\">\n    <div class=\"container\">\n        <div class=\"row\">\n            <div class=\"col-12 col-lg-6 mb-3 mb-lg-0\">\n                <h4 class=\"text-075 font-b mb-3 mb-0\">Winter<\/h4>                <h3 class=\"title-3 mb-0\">Brillen mit klarem, entschiedenem Kontrast<\/h3>            <\/div>\n            <div class=\"col-12 col-lg-6\">\n                <div class=\"gen--p title-p\">\n                    <p><strong>Schwarz ist die einzige Farbe, die der Wintertyp mit absoluter Nat\u00fcrlichkeit tr\u00e4gt<\/strong><\/p>\n<p><span style=\"font-weight: 400;\">Der Wintertyp ist kalttonig, kontraststark, magnetisch. Er braucht klare, entschlossene Farben, die seiner Pr\u00e4senz standhalten, ohne zu verblassen.<\/span><\/p>\n<p><span style=\"font-weight: 400;\">F\u00fcr diese Jahreszeit ist <\/span><b>Ostuni in Schwarz<\/b><span style=\"font-weight: 400;\"> die richtige Wahl: eine starke, markante Schmetterlingsfassung. Schwarz ist die Farbe des Winters par excellence: rein, entschieden, elegant. Sie unterst\u00fctzt den nat\u00fcrlichen Kontrast der Jahreszeit, ohne je das Gleichgewicht zu verlieren.<\/span><\/p>\n<p><span style=\"font-weight: 400;\">Das funktioniert, denn: Schwarz ist die einzige neutrale Farbe, die der Wintertyp mit absoluter Leichtigkeit tr\u00e4gt.<\/span><\/p>\n                <\/div>\n                            <\/div>\n        <\/div>\n    <\/div>\n<\/section>\n\n<div class=\"wp-block-image\">\n<figure class=\"aligncenter size-large is-resized\"><img loading=\"lazy\" decoding=\"async\" width=\"1024\" height=\"258\" src=\"https:\/\/ultralimited.it\/wp-content\/uploads\/2026\/04\/inverno-1024x258.png\" alt=\"\" class=\"wp-image-32022\" style=\"width:756px;height:auto\"\/><\/figure><\/div>\n\n\n<section class=\"layout_65\">\n    <div class=\"container\">\n        <div class=\"row\">\n            <div class=\"col-12 col-lg-6 mb-3 mb-lg-0\">\n                <h4 class=\"text-075 font-b mb-3 mb-0\">Die richtige Brille folgt nicht den Trends. Sie folgt Ihnen.<\/h4>                <h3 class=\"title-3 mb-0\">Die Farbtypenlehre l\u00e4sst sich als Stilmittel nutzen, nicht als Regel<\/h3>            <\/div>\n            <div class=\"col-12 col-lg-6\">\n                <div class=\"gen--p title-p\">\n                    <p><span style=\"font-weight: 400;\">Die Farbtypenlehre ist keine starre Regel: Sie ist ein Instrument. Sie bietet eine Erkl\u00e4rung, warum Sie sich mit bestimmten Farben sofort wohl f\u00fchlen und andere, auch wenn sie wundersch\u00f6n sind, nicht zu Ihnen passen.<\/span><\/p>\n<p><span style=\"font-weight: 400;\">Mit diesem Geist ist unsere neue Kollektion entstanden: Es geht nicht nur um Design, nicht nur um Handwerkskunst, sondern um einen Dialog mit der Person, die sie tr\u00e4gt.<\/span><\/p>\n<p><span style=\"font-weight: 400;\">Entdecken Sie die neue Kollektion, finden Sie Ihren Jahreszeitentyp, w\u00e4hlen Sie Ihre Farbe und lassen Sie die Brille das \u00dcbrige tun.<\/span><\/p>\n                <\/div>\n                                    <a target=\"_self\" rel=\"noopener\" title=\"H\u00e4ndler finden\" href=\"https:\/\/ultralimited.it\/de\/katalog\/\" class=\"btn mt-3\"><span>H\u00e4ndler finden<\/span><\/a>                            <\/div>\n        <\/div>\n    <\/div>\n<\/section>\n\n\n<p><\/p>\n","protected":false},"excerpt":{"rendered":"","protected":false},"author":1,"featured_media":0,"parent":0,"menu_order":0,"comment_status":"closed","ping_status":"closed","template":"","meta":{"_acf_changed":false,"footnotes":""},"class_list":["post-31800","page","type-page","status-publish","hentry"],"acf":[],"yoast_head":"<!-- This site is optimized with the Yoast SEO plugin v26.4 - https:\/\/yoast.com\/wordpress\/plugins\/seo\/ -->\n<title>Farbtyp und Brille - Ultra Limited<\/title>\n<meta name=\"robots\" content=\"index, follow, max-snippet:-1, max-image-preview:large, max-video-preview:-1\" \/>\n<link rel=\"canonical\" href=\"https:\/\/ultralimited.it\/de\/farbtyp-und-brille\/\" \/>\n<meta property=\"og:locale\" content=\"de_DE\" \/>\n<meta property=\"og:type\" content=\"article\" \/>\n<meta property=\"og:title\" content=\"Farbtyp und Brille - Ultra Limited\" \/>\n<meta property=\"og:url\" content=\"https:\/\/ultralimited.it\/de\/farbtyp-und-brille\/\" \/>\n<meta property=\"og:site_name\" content=\"Ultra Limited\" \/>\n<meta property=\"article:modified_time\" content=\"2026-04-14T10:30:31+00:00\" \/>\n<meta property=\"og:image\" content=\"https:\/\/ultralimited.it\/wp-content\/uploads\/2026\/04\/primavera-1024x258.png\" \/>\n<meta name=\"twitter:card\" content=\"summary_large_image\" \/>\n<meta name=\"twitter:label1\" content=\"Gesch\u00e4tzte Lesezeit\" \/>\n\t<meta name=\"twitter:data1\" content=\"1\u00a0Minute\" \/>\n<script type=\"application\/ld+json\" class=\"yoast-schema-graph\">{\"@context\":\"https:\/\/schema.org\",\"@graph\":[{\"@type\":\"WebPage\",\"@id\":\"https:\/\/ultralimited.it\/de\/farbtyp-und-brille\/\",\"url\":\"https:\/\/ultralimited.it\/de\/farbtyp-und-brille\/\",\"name\":\"Farbtyp und Brille - Ultra Limited\",\"isPartOf\":{\"@id\":\"https:\/\/ultralimited.it\/en\/#website\"},\"primaryImageOfPage\":{\"@id\":\"https:\/\/ultralimited.it\/de\/farbtyp-und-brille\/#primaryimage\"},\"image\":{\"@id\":\"https:\/\/ultralimited.it\/de\/farbtyp-und-brille\/#primaryimage\"},\"thumbnailUrl\":\"https:\/\/ultralimited.it\/wp-content\/uploads\/2026\/04\/primavera-1024x258.png\",\"datePublished\":\"2026-02-25T10:07:56+00:00\",\"dateModified\":\"2026-04-14T10:30:31+00:00\",\"breadcrumb\":{\"@id\":\"https:\/\/ultralimited.it\/de\/farbtyp-und-brille\/#breadcrumb\"},\"inLanguage\":\"de\",\"potentialAction\":[{\"@type\":\"ReadAction\",\"target\":[\"https:\/\/ultralimited.it\/de\/farbtyp-und-brille\/\"]}]},{\"@type\":\"ImageObject\",\"inLanguage\":\"de\",\"@id\":\"https:\/\/ultralimited.it\/de\/farbtyp-und-brille\/#primaryimage\",\"url\":\"https:\/\/ultralimited.it\/wp-content\/uploads\/2026\/04\/primavera-1024x258.png\",\"contentUrl\":\"https:\/\/ultralimited.it\/wp-content\/uploads\/2026\/04\/primavera-1024x258.png\"},{\"@type\":\"BreadcrumbList\",\"@id\":\"https:\/\/ultralimited.it\/de\/farbtyp-und-brille\/#breadcrumb\",\"itemListElement\":[{\"@type\":\"ListItem\",\"position\":1,\"name\":\"Home\",\"item\":\"https:\/\/ultralimited.it\/de\/\"},{\"@type\":\"ListItem\",\"position\":2,\"name\":\"Farbtyp und Brille\"}]},{\"@type\":\"WebSite\",\"@id\":\"https:\/\/ultralimited.it\/en\/#website\",\"url\":\"https:\/\/ultralimited.it\/en\/\",\"name\":\"Ultra Limited\",\"description\":\"\",\"potentialAction\":[{\"@type\":\"SearchAction\",\"target\":{\"@type\":\"EntryPoint\",\"urlTemplate\":\"https:\/\/ultralimited.it\/en\/?s={search_term_string}\"},\"query-input\":{\"@type\":\"PropertyValueSpecification\",\"valueRequired\":true,\"valueName\":\"search_term_string\"}}],\"inLanguage\":\"de\"}]}<\/script>\n<!-- \/ Yoast SEO plugin. -->","yoast_head_json":{"title":"Farbtyp und Brille - Ultra Limited","robots":{"index":"index","follow":"follow","max-snippet":"max-snippet:-1","max-image-preview":"max-image-preview:large","max-video-preview":"max-video-preview:-1"},"canonical":"https:\/\/ultralimited.it\/de\/farbtyp-und-brille\/","og_locale":"de_DE","og_type":"article","og_title":"Farbtyp und Brille - Ultra Limited","og_url":"https:\/\/ultralimited.it\/de\/farbtyp-und-brille\/","og_site_name":"Ultra Limited","article_modified_time":"2026-04-14T10:30:31+00:00","og_image":[{"url":"https:\/\/ultralimited.it\/wp-content\/uploads\/2026\/04\/primavera-1024x258.png","type":"","width":"","height":""}],"twitter_card":"summary_large_image","twitter_misc":{"Gesch\u00e4tzte Lesezeit":"1\u00a0Minute"},"schema":{"@context":"https:\/\/schema.org","@graph":[{"@type":"WebPage","@id":"https:\/\/ultralimited.it\/de\/farbtyp-und-brille\/","url":"https:\/\/ultralimited.it\/de\/farbtyp-und-brille\/","name":"Farbtyp und Brille - Ultra Limited","isPartOf":{"@id":"https:\/\/ultralimited.it\/en\/#website"},"primaryImageOfPage":{"@id":"https:\/\/ultralimited.it\/de\/farbtyp-und-brille\/#primaryimage"},"image":{"@id":"https:\/\/ultralimited.it\/de\/farbtyp-und-brille\/#primaryimage"},"thumbnailUrl":"https:\/\/ultralimited.it\/wp-content\/uploads\/2026\/04\/primavera-1024x258.png","datePublished":"2026-02-25T10:07:56+00:00","dateModified":"2026-04-14T10:30:31+00:00","breadcrumb":{"@id":"https:\/\/ultralimited.it\/de\/farbtyp-und-brille\/#breadcrumb"},"inLanguage":"de","potentialAction":[{"@type":"ReadAction","target":["https:\/\/ultralimited.it\/de\/farbtyp-und-brille\/"]}]},{"@type":"ImageObject","inLanguage":"de","@id":"https:\/\/ultralimited.it\/de\/farbtyp-und-brille\/#primaryimage","url":"https:\/\/ultralimited.it\/wp-content\/uploads\/2026\/04\/primavera-1024x258.png","contentUrl":"https:\/\/ultralimited.it\/wp-content\/uploads\/2026\/04\/primavera-1024x258.png"},{"@type":"BreadcrumbList","@id":"https:\/\/ultralimited.it\/de\/farbtyp-und-brille\/#breadcrumb","itemListElement":[{"@type":"ListItem","position":1,"name":"Home","item":"https:\/\/ultralimited.it\/de\/"},{"@type":"ListItem","position":2,"name":"Farbtyp und Brille"}]},{"@type":"WebSite","@id":"https:\/\/ultralimited.it\/en\/#website","url":"https:\/\/ultralimited.it\/en\/","name":"Ultra Limited","description":"","potentialAction":[{"@type":"SearchAction","target":{"@type":"EntryPoint","urlTemplate":"https:\/\/ultralimited.it\/en\/?s={search_term_string}"},"query-input":{"@type":"PropertyValueSpecification","valueRequired":true,"valueName":"search_term_string"}}],"inLanguage":"de"}]}},"_links":{"self":[{"href":"https:\/\/ultralimited.it\/de\/wp-json\/wp\/v2\/pages\/31800","targetHints":{"allow":["GET"]}}],"collection":[{"href":"https:\/\/ultralimited.it\/de\/wp-json\/wp\/v2\/pages"}],"about":[{"href":"https:\/\/ultralimited.it\/de\/wp-json\/wp\/v2\/types\/page"}],"author":[{"embeddable":true,"href":"https:\/\/ultralimited.it\/de\/wp-json\/wp\/v2\/users\/1"}],"replies":[{"embeddable":true,"href":"https:\/\/ultralimited.it\/de\/wp-json\/wp\/v2\/comments?post=31800"}],"version-history":[{"count":2,"href":"https:\/\/ultralimited.it\/de\/wp-json\/wp\/v2\/pages\/31800\/revisions"}],"predecessor-version":[{"id":32032,"href":"https:\/\/ultralimited.it\/de\/wp-json\/wp\/v2\/pages\/31800\/revisions\/32032"}],"wp:attachment":[{"href":"https:\/\/ultralimited.it\/de\/wp-json\/wp\/v2\/media?parent=31800"}],"curies":[{"name":"wp","href":"https:\/\/api.w.org\/{rel}","templated":true}]}}